{"id":12624,"date":"2019-09-05T08:49:02","date_gmt":"2019-09-05T07:49:02","guid":{"rendered":"https:\/\/www.sklizeno.cz\/o-nas\/?page_id=12624"},"modified":"2022-09-12T17:47:31","modified_gmt":"2022-09-12T16:47:31","slug":"kure-z-cerveneho-hradku","status":"publish","type":"page","link":"https:\/\/www.sklizeno.cz\/o-nas\/kure-z-cerveneho-hradku\/","title":{"rendered":"Ku\u0159e z\u00a0\u010cerven\u00e9ho Hr\u00e1dku"},"content":{"rendered":"<div><img loading=\"lazy\" width=\"1053\" height=\"300\" class=\"alignleft size-full wp-image-12205\" src=\"https:\/\/www.sklizeno.cz\/o-nas\/wp-content\/uploads\/sites\/2\/2019\/04\/sklizeno-kurefarmarske-blog-headline-1053.png\" alt=\"\" srcset=\"https:\/\/www.sklizeno.cz\/o-nas\/wp-content\/uploads\/sites\/2\/2019\/04\/sklizeno-kurefarmarske-blog-headline-1053.png 1053w, https:\/\/www.sklizeno.cz\/o-nas\/wp-content\/uploads\/sites\/2\/2019\/04\/sklizeno-kurefarmarske-blog-headline-1053-300x85.png 300w, https:\/\/www.sklizeno.cz\/o-nas\/wp-content\/uploads\/sites\/2\/2019\/04\/sklizeno-kurefarmarske-blog-headline-1053-768x219.png 768w, https:\/\/www.sklizeno.cz\/o-nas\/wp-content\/uploads\/sites\/2\/2019\/04\/sklizeno-kurefarmarske-blog-headline-1053-632x180.png 632w\" sizes=\"(max-width: 1053px) 100vw, 1053px\" \/><\/div>\n<p>&nbsp;<\/p>\n<table class=\"aligncenter\" style=\"width: 900px;margin-left: auto;margin-right: auto;border-collapse: collapse\" border=\"1\">\n<tbody>\n<tr>\n<td style=\"width: 100%\">\n<h2><span style=\"font-weight: 400\">Spokojen\u00e1 ku\u0159ata z vlastn\u00edho chovu<\/span><\/h2>\n<p><span style=\"font-weight: 400\">Ku\u0159e z \u010cerven\u00e9ho Hr\u00e1dku &#8211; to je zna\u010dka dr\u016fbe\u017ee, kterou nov\u011b koup\u00edte v&nbsp;na\u0161ich prodejn\u00e1ch Sklizeno. <\/span><\/p>\n<p><span style=\"font-weight: 400\">D\u00edky investici v \u0159\u00e1du milion\u016f korun, kterou Sklizeno prost\u0159ednictv\u00edm sv\u00e9ho investi\u010dn\u00edho centra a spoluprac\u00ed s&nbsp;Druhaz Sedl\u010dany, do projektu vlo\u017eilo, v\u00e1m m\u016f\u017eeme nab\u00edzet eticky chovanou dr\u016fbe\u017e v kvalit\u011b, kter\u00e1 je <\/span><strong>na \u010desk\u00e9m trhu tak\u0159ka nedostupn\u00e1<\/strong><span style=\"font-weight: 400\">. <\/span><\/p>\n<p><span style=\"font-weight: 400\">D\u016fle\u017eit\u00fdm aspektem je fakt, \u017ee <\/span><strong>ku\u0159ata jsou chov\u00e1na eticky<\/strong><span style=\"font-weight: 400\">, co\u017e se samoz\u0159ejm\u011b projevuje na <\/span><strong>kvalit\u011b a chuti masa<\/strong><span style=\"font-weight: 400\">. Vy si je tak m\u016f\u017eete koupit s v\u011bdom\u00edm, \u017ee m\u011bla mnohem del\u0161\u00ed a kvalitn\u011bj\u0161\u00ed \u017eivot ne\u017e ta, z b\u011b\u017en\u00fdch velkochov\u016f. Na jejich chovu se toti\u017e nap\u0159\u00edmo pod\u00edl\u00edme a nastavujeme jeho podm\u00ednky.<\/span><\/p>\n<p><span style=\"font-weight: 400\">Ku\u0159ata jsou chov\u00e1na v \u010cerven\u00e9m Hr\u00e1dku u Sedl\u010dan v&nbsp;modern\u00edm prost\u0159ed\u00ed pro <\/span><strong>welfare chov<\/strong><span style=\"font-weight: 400\">. Zde maj\u00ed <\/span><strong>2x&nbsp;v\u00edce prostoru pro \u017eivot<\/strong><span style=\"font-weight: 400\"> ne\u017eli v b\u011b\u017en\u00e9m konven\u010dn\u00edm chovu, jsou krmen\u00e1 kuku\u0159ic\u00ed, je\u010dmenem a p\u0161enic\u00ed <\/span><strong>bez GMO<\/strong><span style=\"font-weight: 400\">. Mohou se <\/span><strong>voln\u011b pohybovat<\/strong><span style=\"font-weight: 400\"> a dodr\u017euj\u00ed se zde p\u0159irozen\u00e9 denn\u00ed a no\u010dn\u00ed cykly. Krom\u011b toho ku\u0159ata <\/span><strong>\u017eij\u00ed 57&nbsp;a\u017e&nbsp;70&nbsp;dn\u016f<\/strong><span style=\"font-weight: 400\">, co\u017e je v\u00fdrazn\u011b d\u00e9le ne\u017e je b\u011b\u017en\u00e9. V\u011b\u0159\u00edme, \u017ee tohle by m\u011bl b\u00fdt standard, bohu\u017eel jsou to ale podm\u00ednky, kter\u00e1 zv\u00ed\u0159at\u016fm neposkytuje v \u010cesku t\u00e9m\u011b\u0159 \u017e\u00e1dn\u00fd producent.<\/span><\/p>\n<p>&nbsp;<\/p><\/td>\n<\/tr>\n<\/tbody>\n<\/table>\n<p><img loading=\"lazy\" width=\"1053\" height=\"170\" class=\"alignleft size-full wp-image-12206\" src=\"https:\/\/www.sklizeno.cz\/o-nas\/wp-content\/uploads\/sites\/2\/2019\/04\/sklizeno-kurefarmarske-blog-vyhody-1053.png\" alt=\"\" srcset=\"https:\/\/www.sklizeno.cz\/o-nas\/wp-content\/uploads\/sites\/2\/2019\/04\/sklizeno-kurefarmarske-blog-vyhody-1053.png 1053w, https:\/\/www.sklizeno.cz\/o-nas\/wp-content\/uploads\/sites\/2\/2019\/04\/sklizeno-kurefarmarske-blog-vyhody-1053-300x48.png 300w, https:\/\/www.sklizeno.cz\/o-nas\/wp-content\/uploads\/sites\/2\/2019\/04\/sklizeno-kurefarmarske-blog-vyhody-1053-768x124.png 768w, https:\/\/www.sklizeno.cz\/o-nas\/wp-content\/uploads\/sites\/2\/2019\/04\/sklizeno-kurefarmarske-blog-vyhody-1053-632x102.png 632w\" sizes=\"(max-width: 1053px) 100vw, 1053px\" \/><\/p>\n<table class=\"aligncenter\" style=\"width: 900px;margin-left: auto;margin-right: auto;border-collapse: collapse\" border=\"1\">\n<tbody>\n<tr>\n<td style=\"width: 100%\">&nbsp;<p><\/p>\n<p><span style=\"font-weight: 400\">P\u0159i n\u00e1kupu Ku\u0159ete z \u010cerven\u00e9ho Hr\u00e1dku tedy nemus\u00edte m\u00edt \u0161patn\u00e9 sv\u011bdom\u00ed, nav\u00edc d\u00edky dobr\u00e9mu \u017eivotu ku\u0159ata chutnaj\u00ed tak, jak opravdu maj\u00ed. V na\u0161ich reg\u00e1lech v&nbsp;prodejn\u00e1ch Sklizeno je najdete pod zna\u010dkou Ku\u0159e z \u010cerven\u00e9ho Hr\u00e1dku \u2013 s&nbsp;pe\u010det\u00ed Kl\u00e1skov\u00e9 ku\u0159e.<\/span><\/p>\n<p><span style=\"font-weight: 400\">Jsme zast\u00e1nci toho, \u017ee maso bychom si m\u011bli dop\u0159\u00e1vat <\/span><strong>m\u00e9n\u011b \u010dasto ale o to kvalitn\u011bj\u0161\u00ed<\/strong><span style=\"font-weight: 400\">. My ve Sklizeno se sna\u017e\u00edme, aby bylo kvalitn\u00ed maso ze spokojen\u00fdch zv\u00ed\u0159at co nejdostupn\u011bj\u0161\u00ed a budeme r\u00e1di, kdy\u017e n\u00e1s v tomto \u00fasil\u00ed, vy, na\u0161i z\u00e1kazn\u00edci, podpo\u0159\u00edte a kvalitu ocen\u00edte. <\/span><\/p>\n<p>&nbsp;<\/p>\n<table style=\"border-collapse: collapse;width: 100%\" border=\"1\">\n<tbody>\n<tr>\n<td style=\"width: 47%\"><img loading=\"lazy\" width=\"632\" height=\"421\" class=\"alignleft size-large wp-image-12120\" src=\"https:\/\/www.sklizeno.cz\/o-nas\/wp-content\/uploads\/sites\/2\/2019\/04\/IMG_14651-632x421.jpg\" alt=\"\" srcset=\"https:\/\/www.sklizeno.cz\/o-nas\/wp-content\/uploads\/sites\/2\/2019\/04\/IMG_14651-632x421.jpg 632w, https:\/\/www.sklizeno.cz\/o-nas\/wp-content\/uploads\/sites\/2\/2019\/04\/IMG_14651-300x200.jpg 300w, https:\/\/www.sklizeno.cz\/o-nas\/wp-content\/uploads\/sites\/2\/2019\/04\/IMG_14651-768x512.jpg 768w, https:\/\/www.sklizeno.cz\/o-nas\/wp-content\/uploads\/sites\/2\/2019\/04\/IMG_14651.jpg 1200w\" sizes=\"(max-width: 632px) 100vw, 632px\" \/><\/td>\n<td style=\"width: 6%\"><\/td>\n<td style=\"width: 47%\"><img loading=\"lazy\" width=\"632\" height=\"422\" class=\"alignleft size-large wp-image-12119\" src=\"https:\/\/www.sklizeno.cz\/o-nas\/wp-content\/uploads\/sites\/2\/2019\/04\/IMG_14644.JPG-632x422.jpg\" alt=\"\" srcset=\"https:\/\/www.sklizeno.cz\/o-nas\/wp-content\/uploads\/sites\/2\/2019\/04\/IMG_14644.JPG-632x422.jpg 632w, https:\/\/www.sklizeno.cz\/o-nas\/wp-content\/uploads\/sites\/2\/2019\/04\/IMG_14644.JPG-300x200.jpg 300w, https:\/\/www.sklizeno.cz\/o-nas\/wp-content\/uploads\/sites\/2\/2019\/04\/IMG_14644.JPG-768x512.jpg 768w, https:\/\/www.sklizeno.cz\/o-nas\/wp-content\/uploads\/sites\/2\/2019\/04\/IMG_14644.JPG.jpg 1000w\" sizes=\"(max-width: 632px) 100vw, 632px\" \/><\/td>\n<\/tr>\n<\/tbody>\n<\/table>\n<\/td>\n<\/tr>\n<\/tbody>\n<\/table>\n<p>&nbsp;<\/p>\n\n\n<figure class=\"wp-block-embed is-type-video is-provider-youtube wp-block-embed-youtube wp-embed-aspect-16-9 wp-has-aspect-ratio\"><div class=\"wp-block-embed__wrapper\">\n<iframe title=\"Sklizeno - Dr\u016fbe\u017e\u00ed farma Druhaz\" width=\"500\" height=\"281\" src=\"https:\/\/www.youtube.com\/embed\/A9KHDWUtZ9g?feature=oembed\" frameborder=\"0\" allow=\"accelerometer; autoplay; clipboard-write; encrypted-media; gyroscope; picture-in-picture\" allowfullscreen><\/iframe>\n<\/div><\/figure>\n","protected":false},"excerpt":{"rendered":"<p>&nbsp; Spokojen\u00e1 ku\u0159ata z vlastn\u00edho chovu Ku\u0159e z \u010cerven\u00e9ho Hr\u00e1dku &#8211; to je zna\u010dka dr\u016fbe\u017ee, kterou nov\u011b koup\u00edte v&nbsp;na\u0161ich prodejn\u00e1ch Sklizeno. D\u00edky investici v \u0159\u00e1du milion\u016f korun, kterou Sklizeno prost\u0159ednictv\u00edm sv\u00e9ho investi\u010dn\u00edho centra a spoluprac\u00ed s&nbsp;Druhaz Sedl\u010dany, do projektu vlo\u017eilo, v\u00e1m m\u016f\u017eeme nab\u00edzet eticky chovanou dr\u016fbe\u017e v kvalit\u011b, kter\u00e1 je na \u010desk\u00e9m trhu tak\u0159ka nedostupn\u00e1. [&hellip;]<\/p>\n","protected":false},"author":22,"featured_media":0,"parent":0,"menu_order":12,"comment_status":"closed","ping_status":"closed","template":"","meta":[],"_links":{"self":[{"href":"https:\/\/www.sklizeno.cz\/o-nas\/wp-json\/wp\/v2\/pages\/12624"}],"collection":[{"href":"https:\/\/www.sklizeno.cz\/o-nas\/wp-json\/wp\/v2\/pages"}],"about":[{"href":"https:\/\/www.sklizeno.cz\/o-nas\/wp-json\/wp\/v2\/types\/page"}],"author":[{"embeddable":true,"href":"https:\/\/www.sklizeno.cz\/o-nas\/wp-json\/wp\/v2\/users\/22"}],"replies":[{"embeddable":true,"href":"https:\/\/www.sklizeno.cz\/o-nas\/wp-json\/wp\/v2\/comments?post=12624"}],"version-history":[{"count":2,"href":"https:\/\/www.sklizeno.cz\/o-nas\/wp-json\/wp\/v2\/pages\/12624\/revisions"}],"predecessor-version":[{"id":14884,"href":"https:\/\/www.sklizeno.cz\/o-nas\/wp-json\/wp\/v2\/pages\/12624\/revisions\/14884"}],"wp:attachment":[{"href":"https:\/\/www.sklizeno.cz\/o-nas\/wp-json\/wp\/v2\/media?parent=12624"}],"curies":[{"name":"wp","href":"https:\/\/api.w.org\/{rel}","templated":true}]}}