{"id":11229,"date":"2018-11-06T17:08:00","date_gmt":"2018-11-06T16:08:00","guid":{"rendered":"https:\/\/www.sklizeno.cz\/o-nas\/?page_id=11229"},"modified":"2018-11-15T06:07:25","modified_gmt":"2018-11-15T05:07:25","slug":"pekaruv-pribeh","status":"publish","type":"page","link":"https:\/\/www.sklizeno.cz\/o-nas\/pekaruv-pribeh\/","title":{"rendered":"Peka\u0159\u016fv p\u0159\u00edb\u011bh"},"content":{"rendered":"<p><a class=\"red button\" href=\"https:\/\/www.sklizeno.cz\/o-nas\/upec-si-me-doma\/\">ZP\u011aT<\/a><\/p>\n<p><img loading=\"lazy\" class=\" wp-image-11088 alignleft;\" style=\"float: left;margin: 40px\" src=\"https:\/\/www.sklizeno.cz\/o-nas\/wp-content\/uploads\/sites\/2\/2018\/11\/chlebar-0880-2.jpg\" alt=\"\" width=\"458\" height=\"449\" srcset=\"https:\/\/www.sklizeno.cz\/o-nas\/wp-content\/uploads\/sites\/2\/2018\/11\/chlebar-0880-2.jpg 600w, https:\/\/www.sklizeno.cz\/o-nas\/wp-content\/uploads\/sites\/2\/2018\/11\/chlebar-0880-2-300x294.jpg 300w\" sizes=\"(max-width: 458px) 100vw, 458px\" \/><\/p>\n<p>&nbsp;<\/p>\n<p>Pe\u010den\u00ed chleba nen\u00ed \u017e\u00e1dn\u00e1 v\u011bda, kdy\u017e m\u00e1te dobr\u00e9 vstupn\u00ed informace a\u00a0tro\u0161ku toho tr\u00e9ninku. V\u00a0tom se pe\u010den\u00ed chleba neli\u0161\u00ed od \u017e\u00e1dn\u00e9 jin\u00e9 \u010dinnosti, ve kter\u00e9 chcete b\u00fdt dob\u0159\u00ed. S\u00e1m jsem nikdy \u017e\u00e1dn\u00fd ucelen\u00fd n\u00e1vod na pe\u010den\u00ed chleba nepsal, pova\u017eoval jsem to za zbyte\u010dn\u00e9, kdy\u017e to p\u0159ede mnou ud\u011blali jin\u00ed (za v\u0161echny <span style=\"color: #c6143d\"><u><a style=\"color: #c6143d\" href=\"http:\/\/www.maskrtnica.cz\/\">ma\u0161krtnica.cz<\/a><\/u><\/span> a<span style=\"color: #c6143d\"> <u><a style=\"color: #c6143d\" href=\"http:\/\/cuketka.cz\">cuketka.cz<\/a><\/u><\/span>). Nyn\u00ed ale zved\u00e1m v\u00fdzvu \u2013 se Sklizeno jsme se dohodli, \u017ee pop\u00ed\u0161u sv\u00e9 dosavadn\u00ed zku\u0161enosti s\u00a0dom\u00e1c\u00edm chleba\u0159stv\u00edm, poodhal\u00edm p\u00e1r trik\u016f a\u2026 ud\u011bl\u00e1m peka\u0159e dom\u00e1c\u00edho chleba i\u00a0z\u00a0v\u00e1s! P\u0159ipravte se, \u017ee to bude hutn\u00e9 a\u00a0v\u00fd\u017eivn\u00e9. Ale budu se sna\u017eit i\u00a0o\u00a0maxim\u00e1ln\u00ed jednoduchost a\u00a0stravitelnost.<\/p>\n<p>Nejsem profesion\u00e1ln\u00ed peka\u0159 ani kucha\u0159 a\u00a0trouf\u00e1m si \u0159\u00edct, \u017ee ani nikdy nebudu. V\u00a0kuchyni nicm\u00e9n\u011b \u010dasto a\u00a0r\u00e1d ment\u00e1ln\u011b odpo\u010d\u00edv\u00e1m (za tento term\u00edn d\u011bkuju jednomu z posledn\u00edch dosavadn\u00edch absolvent\u016f sv\u00e9ho kurzu).<\/p>\n<p>K\u00a0pe\u010den\u00ed chleba jsem se dostal \u0161\u0165astnou n\u00e1hodou \u2013 v\u00a0prosinci 2012 jsem p\u0159i brouzd\u00e1n\u00ed Facebookem narazil na v\u00fdzvu M\u00ed\u0161i Gregorov\u00e9, \u017ee vznik\u00e1 kv\u00e1skov\u00e1 mapa, pomoc\u00ed kter\u00e9 si lid\u00e9 mohou sd\u00edlet kv\u00e1sek, a\u00a0\u017ee se pro tuhle mapu hled\u00e1 n\u00e1zev. Pro\u010d\u00edtal jsem si v\u0161echny ty n\u00e1vrhy, a\u017e jsem na\u0161el n\u00e1pad Chleb\u00e1tor. Se sv\u00fdm p\u0159\u00edjmen\u00edm jsem to hned nad\u0161en\u011b okomentoval, \u017ee to je ono. Ale vyhla\u0161ovatel\u016fm se to nel\u00edbilo. Tak jsem na\u017ehavil mozkov\u00e9 z\u00e1vity a\u00a0po chv\u00edli uva\u017eov\u00e1n\u00ed ze m\u011b vy\u0161lo\u2026 Pe\u010demPecen. Bum! Osm minut po m\u00e9m koment\u00e1\u0159i se objevilo: \u201eD\u00edky, m\u00e1me koupenou dom\u00e9nu! Honza m\u00e1 u\u00a0Julky Ma\u0161krtnice jeden pecen.\u201c (No, je\u0161t\u011b jsem si ho nevyzvedl\u2026)<\/p>\n<p>Tak to byl ten impuls, kter\u00fd m\u011b p\u0159ivedl k\u00a0pe\u010den\u00ed chleba. Dal\u0161\u00ed m\u011bs\u00edc jsem se rozhoup\u00e1val a pe\u010dliv\u011b na nov\u00e9 kv\u00e1skov\u00e9 map\u011b vyb\u00edral vhodn\u00e9ho d\u00e1rce kv\u00e1sku. Nakonec moje volba padla na Hanku (tehdy \u017daloudkovou) a v jednom brn\u011bnsk\u00e9m burger baru jsem si byl kv\u00e1sek vyzvednout. St\u00e1l m\u011b, matn\u011b si vzpom\u00edn\u00e1m, lahvi\u010dku dom\u00e1c\u00ed o\u0159echovky \ud83d\ude42 O tom, \u017ee moje volba byla spr\u00e1vn\u00e1, sv\u011bd\u010d\u00ed fakt, \u017ee z toho kv\u00e1sku pe\u010du dodnes. Hani, d\u00edky, m\u00e1\u0161 u m\u011b jeden pecen!<\/p>\n<p>P\u00e1r let p\u0159ed kv\u00e1skov\u00fdm pe\u010den\u00edm jsem si pro\u0161el f\u00e1z\u00ed \u201edom\u00e1c\u00ed pek\u00e1rna\u201c. To jsme si se \u017eenou nechali nad\u011blit tento stroj od Je\u017e\u00ed\u0161ka, asi m\u011bs\u00edc jsme do n\u011bj nad\u0161en\u011b l\u00e1dovali ingredience a\u00a0je\u0161t\u011b nad\u0161en\u011bji vytahovali hotov\u00e9 kostky chleba. Ale postupn\u011b jsme se za\u010dali op\u011bt vracet ke kupovan\u00e9mu chlebu, proto\u017ee to byl ten spr\u00e1vn\u00fd chleba. Pek\u00e1rna nakonec skon\u010dila ve sklep\u011b, aby se odtud vr\u00e1tila zp\u011bt k\u00a0\u201eJe\u017e\u00ed\u0161kovi\u201c \u2013 k\u00a0tch\u00e1n\u016fm. Ti ji potom ze sklepa ani nevyt\u00e1hli \ud83d\ude00<\/p>\n<p>Po t\u00e9to zku\u0161enosti jsem si na za\u010d\u00e1tku sv\u00e9 chleba\u0159sk\u00e9 dr\u00e1hy \u0159\u00edkal: \u201eJak dlouho mi pe\u010den\u00ed chleba asi tak vydr\u017e\u00ed?\u201c D\u00e1val jsem si p\u016fl roku. Dnes m\u00e1m za sebou skoro 6\u00a0let a\u00a0p\u0159estat nehodl\u00e1m. Zjistil jsem toti\u017e, \u017ee od dom\u00e1c\u00edho chleba nevede cesta zp\u011bt ke kupovan\u00e9mu. Kdy\u017e si pe\u010den\u00ed osvoj\u00edte, dostanete skv\u011bl\u00fd \u010derstv\u00fd chl\u00e9b, kter\u00fd je a)\u00a0chutn\u011bj\u0161\u00ed ne\u017e kupovan\u00fd, b)\u00a0levn\u011bj\u0161\u00ed ne\u017e kupovan\u00fd, c)\u00a0m\u00e1te absolutn\u00ed p\u0159ehled o\u00a0jeho slo\u017een\u00ed a\u00a0d)\u00a0kr\u00e1sn\u011b si u\u00a0n\u011bj ment\u00e1ln\u011b odpo\u010dinete. \ud83d\ude42<\/p>\n<p>P\u0159eju v\u00e1m spoustu vo\u0148av\u00fdch pecn\u016f!<\/p>\n<p>Honza \u0160mikm\u00e1tor, Peka\u0159\u016fv chleba\u0159<\/p>\n<p>listopad 2018<\/p>\n","protected":false},"excerpt":{"rendered":"<p>ZP\u011aT &nbsp; Pe\u010den\u00ed chleba nen\u00ed \u017e\u00e1dn\u00e1 v\u011bda, kdy\u017e m\u00e1te dobr\u00e9 vstupn\u00ed informace a\u00a0tro\u0161ku toho tr\u00e9ninku. V\u00a0tom se pe\u010den\u00ed chleba neli\u0161\u00ed od \u017e\u00e1dn\u00e9 jin\u00e9 \u010dinnosti, ve kter\u00e9 chcete b\u00fdt dob\u0159\u00ed. S\u00e1m jsem nikdy \u017e\u00e1dn\u00fd ucelen\u00fd n\u00e1vod na pe\u010den\u00ed chleba nepsal, pova\u017eoval jsem to za zbyte\u010dn\u00e9, kdy\u017e to p\u0159ede mnou ud\u011blali jin\u00ed (za v\u0161echny ma\u0161krtnica.cz a cuketka.cz). [&hellip;]<\/p>\n","protected":false},"author":27,"featured_media":0,"parent":0,"menu_order":18,"comment_status":"closed","ping_status":"closed","template":"","meta":[],"_links":{"self":[{"href":"https:\/\/www.sklizeno.cz\/o-nas\/wp-json\/wp\/v2\/pages\/11229"}],"collection":[{"href":"https:\/\/www.sklizeno.cz\/o-nas\/wp-json\/wp\/v2\/pages"}],"about":[{"href":"https:\/\/www.sklizeno.cz\/o-nas\/wp-json\/wp\/v2\/types\/page"}],"author":[{"embeddable":true,"href":"https:\/\/www.sklizeno.cz\/o-nas\/wp-json\/wp\/v2\/users\/27"}],"replies":[{"embeddable":true,"href":"https:\/\/www.sklizeno.cz\/o-nas\/wp-json\/wp\/v2\/comments?post=11229"}],"version-history":[{"count":27,"href":"https:\/\/www.sklizeno.cz\/o-nas\/wp-json\/wp\/v2\/pages\/11229\/revisions"}],"predecessor-version":[{"id":11479,"href":"https:\/\/www.sklizeno.cz\/o-nas\/wp-json\/wp\/v2\/pages\/11229\/revisions\/11479"}],"wp:attachment":[{"href":"https:\/\/www.sklizeno.cz\/o-nas\/wp-json\/wp\/v2\/media?parent=11229"}],"curies":[{"name":"wp","href":"https:\/\/api.w.org\/{rel}","templated":true}]}}