{"id":10004,"date":"2018-11-09T15:32:18","date_gmt":"2018-11-09T14:32:18","guid":{"rendered":"https:\/\/www.sklizeno.cz\/o-nas\/?page_id=10004"},"modified":"2018-11-09T16:41:15","modified_gmt":"2018-11-09T15:41:15","slug":"upec-si-me-doma","status":"publish","type":"page","link":"https:\/\/www.sklizeno.cz\/o-nas\/upec-si-me-doma\/","title":{"rendered":"Upe\u010d si m\u011b doma"},"content":{"rendered":"<table style=\"width: 800px;border-collapse: collapse;margin-left: auto;margin-right: auto\" border=\"1\">\n<tbody>\n<tr>\n<td>\n<table class=\"width: 760px; border-collapse: collapse; margin-left: auto; margin-right: auto;\" border=\"1\">\n<tbody>\n<tr>\n<td>\n<p style=\"text-align: center\"><span style=\"color: #000000;font-size: 1.3em\">Zkou\u0161eli jste u\u017e doma up\u00e9ct chleba? Ne ten z\u00a0dom\u00e1c\u00ed pek\u00e1rny, ale opravdov\u00fd \u010desk\u00fd chleba z\u00a0mouky, kv\u00e1sku, vody, soli a\u00a0km\u00ednu? Pokud jste se do toho st\u00e1le je\u0161t\u011b nepustili, proto\u017ee v\u00e1m to p\u0159ijde \u010dasov\u011b a\u00a0kdov\u00edjak jinak n\u00e1ro\u010dn\u00e9, p\u0159ipravili jsme pro v\u00e1s ucelen\u00fd n\u00e1vod, jak na to. Sepsal ho pro v\u00e1s n\u00e1\u0161 texta\u0159 Honza \u0160mikm\u00e1tor, kter\u00fd chleba doma pe\u010de u\u017e t\u00e9m\u011b\u0159 6\u00a0let a\u00a0kter\u00fd m\u00e1 jako <span style=\"color: #ff0000\"><a style=\"color: #ff0000\" href=\"https:\/\/www.facebook.com\/pekaruvchlebar\" target=\"_blank\" rel=\"noopener\">Peka\u0159\u016fv chleba\u0159<\/a><\/span> na kont\u011b u\u017e asi p\u011btat\u0159icet kurz\u016f pe\u010den\u00ed se stovkami absolvent\u016f.<\/span><\/p>\n<\/td>\n<\/tr>\n<\/tbody>\n<\/table>\n<p>&nbsp;<\/p>\n<table class=\"aligncenter\" style=\"width: 930px;border-collapse: collapse\" border=\"1\" cellspacing=\"20\" cellpadding=\"20\">\n<tbody>\n<tr>\n<td style=\"width: 450px;vertical-align: middle;text-align: center\"><a href=\"https:\/\/www.sklizeno.cz\/o-nas\/jak-zalozit-kvasek\/\"><img loading=\"lazy\" class=\"alignleft wp-image-11228\" src=\"https:\/\/www.sklizeno.cz\/o-nas\/wp-content\/uploads\/sites\/2\/2018\/11\/chleba-1.jpg\" alt=\"\" width=\"450\" height=\"450\" \/><\/a><\/td>\n<td style=\"width: 30px;vertical-align: middle;text-align: center\"><\/td>\n<td style=\"width: 450px;vertical-align: middle;text-align: center\"><a href=\"https:\/\/www.sklizeno.cz\/o-nas\/jak-upect-chleba\/\"><img loading=\"lazy\" class=\"alignleft wp-image-11243\" src=\"https:\/\/www.sklizeno.cz\/o-nas\/wp-content\/uploads\/sites\/2\/2018\/11\/chleba-2.jpg\" alt=\"\" width=\"450\" height=\"450\" \/><\/a><\/td>\n<\/tr>\n<tr style=\"height: 30px\">\n<td style=\"width: 450px;vertical-align: middle;text-align: center\"><\/td>\n<td style=\"width: 28px;vertical-align: middle;text-align: center\"><\/td>\n<td style=\"width: 450px;vertical-align: middle;text-align: center\"><\/td>\n<\/tr>\n<tr>\n<td style=\"width: 450x;vertical-align: middle;text-align: center\"><a href=\"https:\/\/www.sklizeno.cz\/o-nas\/co-do-chleba-pridat-a-jak-jej-skladovat\/\"><img loading=\"lazy\" class=\"alignleft wp-image-11243\" src=\"https:\/\/www.sklizeno.cz\/o-nas\/wp-content\/uploads\/sites\/2\/2018\/11\/chleba-3-1.jpg\" alt=\"\" width=\"450\" height=\"450\" \/><\/a><\/td>\n<td style=\"width: 30px;vertical-align: middle;text-align: center\"><\/td>\n<td style=\"width: 450px;vertical-align: middle;text-align: center\"><a href=\"https:\/\/www.sklizeno.cz\/o-nas\/pekaruv-pribeh\/\"><img loading=\"lazy\" class=\"alignleft wp-image-11228\" src=\"https:\/\/www.sklizeno.cz\/o-nas\/wp-content\/uploads\/sites\/2\/2018\/11\/chleba-4.jpg\" alt=\"\" width=\"450\" height=\"450\" \/><\/a><\/td>\n<\/tr>\n<\/tbody>\n<\/table>\n<h4><\/h4>\n<\/td>\n<\/tr>\n<\/tbody>\n<\/table>\n<p>&nbsp;<\/p>\n","protected":false},"excerpt":{"rendered":"<p>Zkou\u0161eli jste u\u017e doma up\u00e9ct chleba? Ne ten z\u00a0dom\u00e1c\u00ed pek\u00e1rny, ale opravdov\u00fd \u010desk\u00fd chleba z\u00a0mouky, kv\u00e1sku, vody, soli a\u00a0km\u00ednu? Pokud jste se do toho st\u00e1le je\u0161t\u011b nepustili, proto\u017ee v\u00e1m to p\u0159ijde \u010dasov\u011b a\u00a0kdov\u00edjak jinak n\u00e1ro\u010dn\u00e9, p\u0159ipravili jsme pro v\u00e1s ucelen\u00fd n\u00e1vod, jak na to. Sepsal ho pro v\u00e1s n\u00e1\u0161 texta\u0159 Honza \u0160mikm\u00e1tor, kter\u00fd chleba doma [&hellip;]<\/p>\n","protected":false},"author":27,"featured_media":0,"parent":0,"menu_order":29,"comment_status":"closed","ping_status":"closed","template":"","meta":[],"_links":{"self":[{"href":"https:\/\/www.sklizeno.cz\/o-nas\/wp-json\/wp\/v2\/pages\/10004"}],"collection":[{"href":"https:\/\/www.sklizeno.cz\/o-nas\/wp-json\/wp\/v2\/pages"}],"about":[{"href":"https:\/\/www.sklizeno.cz\/o-nas\/wp-json\/wp\/v2\/types\/page"}],"author":[{"embeddable":true,"href":"https:\/\/www.sklizeno.cz\/o-nas\/wp-json\/wp\/v2\/users\/27"}],"replies":[{"embeddable":true,"href":"https:\/\/www.sklizeno.cz\/o-nas\/wp-json\/wp\/v2\/comments?post=10004"}],"version-history":[{"count":93,"href":"https:\/\/www.sklizeno.cz\/o-nas\/wp-json\/wp\/v2\/pages\/10004\/revisions"}],"predecessor-version":[{"id":11430,"href":"https:\/\/www.sklizeno.cz\/o-nas\/wp-json\/wp\/v2\/pages\/10004\/revisions\/11430"}],"wp:attachment":[{"href":"https:\/\/www.sklizeno.cz\/o-nas\/wp-json\/wp\/v2\/media?parent=10004"}],"curies":[{"name":"wp","href":"https:\/\/api.w.org\/{rel}","templated":true}]}}